{"id":1337,"date":"2021-12-14T11:53:06","date_gmt":"2021-12-14T10:53:06","guid":{"rendered":"https:\/\/marles-okna.com\/brandschutzfenster\/"},"modified":"2026-02-09T13:49:08","modified_gmt":"2026-02-09T12:49:08","slug":"brandschutzfenster","status":"publish","type":"page","link":"https:\/\/marles-okna.com\/de\/brandschutzfenster\/","title":{"rendered":"Brandschutzfenster"},"content":{"rendered":"<p>[vc_row css=&#8220;.vc_custom_1637322416259{padding-top: 76px !important;}&#8220;][vc_column width=&#8220;1\/6&#8243;][\/vc_column][vc_column width=&#8220;2\/3&#8243;][vc_custom_heading text=&#8220;Eine Investition in Gesundheit und Wohlbefinden&#8220; font_container=&#8220;tag:h6|font_size:16px|text_align:center|color:%239f9191|line_height:24px&#8220; use_theme_fonts=&#8220;yes&#8220;][vc_custom_heading text=&#8220;BRANDSCHUTZFENSTER&#8220; font_container=&#8220;tag:h2|text_align:center&#8220; use_theme_fonts=&#8220;yes&#8220;][vc_separator color=&#8220;custom&#8220; border_width=&#8220;6&#8243; el_width=&#8220;10&#8243; accent_color=&#8220;#ff7d23&#8243;][vc_column_text css=&#8220;.vc_custom_1640008897033{padding-top: 34px !important;padding-right: 50px !important;padding-left: 50px !important;}&#8220;]<\/p>\n<p style=\"text-align: center; font-weight: 300; line-height: 24px;\">Obwohl Holz brennbar ist, brennt es <strong>sehr langsam, vorhersehbar und messbar<\/strong>. Im Brandfall werden nahezu <strong>keine sch\u00e4dlichen Gase erzeugt<\/strong>, wie z. B. bei PVC-Kunststofffenstern, wo hochgiftige, f\u00fcr den Menschen gef\u00e4hrliche Chlor- und Schwefelgase austreten. Der nat\u00fcrliche Schutzmechanismus von Holz <strong>erh\u00f6ht die Wahrscheinlichkeit<\/strong>, dass Holzfenster mit der Konstruktion das Feuer \u00fcberleben und gleichzeitig ihre Festigkeit und Stabilit\u00e4t bewahren.<\/p>\n<p>[\/vc_column_text][vc_row_inner css=&#8220;.vc_custom_1637838941874{padding-top: 20px !important;}&#8220;][vc_column_inner width=&#8220;1\/2&#8243;][vc_single_image image=&#8220;757&#8243; img_size=&#8220;full&#8220; alignment=&#8220;center&#8220; onclick=&#8220;custom_link&#8220; link=&#8220;https:\/\/marles-okna.com\/de\/brandschutzfenster\/#lastnosti-pozarno&#8220;][vc_custom_heading text=&#8220;BRANDSCHUTZFENSTER NATUR 78 EI 30&#8243; font_container=&#8220;tag:h3|text_align:center&#8220; link=&#8220;url:https%3A%2F%2Fmarles-okna.com%2Fde%2Fbrandschutzfenster%2F%23lastnosti-pozarno&#8220;][\/vc_column_inner][vc_column_inner width=&#8220;1\/2&#8243;][vc_single_image image=&#8220;757&#8243; img_size=&#8220;full&#8220; alignment=&#8220;center&#8220; onclick=&#8220;custom_link&#8220; link=&#8220;https:\/\/marles-okna.com\/de\/brandschutzfenster\/#lastnosti-pozarno&#8220;][vc_custom_heading text=&#8220;BRANDSCHUTZFENSTER EXCLUSIVE 92 EI 30&#8243; font_container=&#8220;tag:h3|text_align:center&#8220; link=&#8220;url:https%3A%2F%2Fmarles-okna.com%2Fde%2Fbrandschutzfenster%2F%23lastnosti-pozarno&#8220;][\/vc_column_inner][\/vc_row_inner][vc_btn title=&#8220;\u00dcBERPR\u00dcFEN SIE DIE TECHNISCHEN EIGENSCHAFTEN&#8220; style=&#8220;custom&#8220; custom_background=&#8220;#716b6b&#8220; custom_text=&#8220;#ebe7e7&#8243; shape=&#8220;square&#8220; size=&#8220;lg&#8220; align=&#8220;center&#8220; css=&#8220;.vc_custom_1647439227980{padding-top: 50px !important;padding-bottom: 80px !important;}&#8220; link=&#8220;url:https%3A%2F%2Fmarles-okna.com%2Fde%2Fbrandschutzfenster%2F%23lastnosti-pozarno|&#8220;][\/vc_column][vc_column width=&#8220;1\/6&#8243;][\/vc_column][\/vc_row][vc_row equal_height=&#8220;yes&#8220; css=&#8220;.vc_custom_1637767661888{background-color: #272727 !important;}&#8220;][vc_column width=&#8220;1\/2&#8243; css=&#8220;.vc_custom_1637767764647{padding-top: 0px !important;padding-right: 0px !important;}&#8220;][vc_single_image image=&#8220;642&#8243; img_size=&#8220;full&#8220;][\/vc_column][vc_column width=&#8220;1\/2&#8243; css=&#8220;.vc_custom_1637592543248{padding-right: 70px !important;background-color: #272727 !important;}&#8220;][vc_row_inner][vc_column_inner width=&#8220;5\/6&#8243;][vc_custom_heading text=&#8220;WARUM EIN MARLES WINDOW BRANDFENSTER W\u00c4HLEN?&#8220; font_container=&#8220;tag:h2|font_size:34px|text_align:left|color:%23ffffff&#8220; use_theme_fonts=&#8220;yes&#8220; css=&#8220;.vc_custom_1647247057664{padding-top: 30px !important;padding-left: 50px !important;}&#8220;][vc_separator color=&#8220;custom&#8220; align=&#8220;align_left&#8220; border_width=&#8220;6&#8243; el_width=&#8220;10&#8243; accent_color=&#8220;#ff7d23&#8243; css=&#8220;.vc_custom_1637592050369{margin-left: 50px !important;}&#8220;][vc_column_text css=&#8220;.vc_custom_1647247071172{padding-left: 50px !important;}&#8220;]<\/p>\n<p style=\"color: #ada2a2;\">Im Brandfall bildet sich auf Holzoberfl\u00e4chen eine Holzkohleschicht, die die Feuerbest\u00e4ndigkeit des Materials beeintr\u00e4chtigt. Eine sch\u00fctzende Holzkohleschicht reduziert die Verbrennungsrate des Holzes, wodurch Holzfenster sehr stark sind und einen guten Schutz gegen Feuer bieten.<\/p>\n<p style=\"color: #ada2a2;\">Marles FENSTER verf\u00fcgt seit 2014 \u00fcber das Brandschutzzertifikat EI30, mit Feuerwiderstand 30 Minuten 1404-CPR-2965. Das Zertifikat ist unter dem untenstehenden Link des Instituts f\u00fcr Bauingenieurwesen in Ljubljana ZAG ver\u00f6ffentlicht. Wir produzieren Holz- und Holz-Alu Brandschutzfenster EI30.<\/p>\n<p>[\/vc_column_text][vc_btn title=&#8220;Zertifikat anschauen&#8220; style=&#8220;custom&#8220; custom_background=&#8220;&#8220; custom_text=&#8220;#ff7d23&#8243; shape=&#8220;square&#8220; css=&#8220;.vc_custom_1712234058434{padding-bottom: 40px !important;padding-left: 50px !important;border-radius: 2px !important;}&#8220; link=&#8220;url:https%3A%2F%2Fmarles-okna.com%2Fwp-content%2Fuploads%2F2024%2F04%2F1404-CPR-2965-izd3-22-CE-nem.pdf|title:Zertifikat%20f%C3%BCr%20Brandschutzfenster%20EI30|target:_blank&#8220;][\/vc_column_inner][vc_column_inner width=&#8220;1\/6&#8243;][\/vc_column_inner][\/vc_row_inner][\/vc_column][\/vc_row][vc_row css=&#8220;.vc_custom_1643211639811{padding-top: 76px !important;}&#8220; el_id=&#8220;atributi-pozarno&#8220;][vc_column width=&#8220;1\/4&#8243;][\/vc_column][vc_column width=&#8220;1\/2&#8243;][vc_custom_heading text=&#8220;Eine Investition in Gesundheit und Wohlbefinden&#8220; font_container=&#8220;tag:h6|font_size:16px|text_align:center|color:%239f9191|line_height:24px&#8220; use_theme_fonts=&#8220;yes&#8220;][vc_custom_heading text=&#8220;ATTRIBUTE VON BRANDSCHUTZFENSTERN&#8220; font_container=&#8220;tag:h2|text_align:center&#8220; use_theme_fonts=&#8220;yes&#8220;][vc_separator color=&#8220;custom&#8220; border_width=&#8220;6&#8243; el_width=&#8220;10&#8243; accent_color=&#8220;#ff7d23&#8243;][vc_tta_accordion shape=&#8220;square&#8220; color=&#8220;white&#8220; c_position=&#8220;right&#8220; active_section=&#8220;0&#8243;][vc_tta_section i_type=&#8220;material&#8220; add_icon=&#8220;true&#8220; title=&#8220;Holz&#8220; tab_id=&#8220;1637055261765-4f855a8e-d9de&#8220;][vc_column_text]Moderne Architektur ist funktional, nachhaltig und <strong>umweltfreundlich<\/strong>. Mit ihrer modernen Optik und technischen Eigenschaften sind Holzfenster die beste Wahl f\u00fcr eine neue Generation von <strong>Niedrigenergie<\/strong>-, Passiv- und positiven Energiebilanz-Wohngeb\u00e4uden.<\/p>\n<p>Holz ist ein nat\u00fcrliches, \u00e4sthetisch sch\u00f6nes, <strong>erneuerbares<\/strong>Material und als solches das einzige, das CO2 in sich speichert und so zu unserem besseren Wohlbefinden im Wohnraum und zum Schutz der Umwelt beitr\u00e4gt. Es erneuert sich st\u00e4ndig aus Erde, Wasser, Luft und Sonne, verbindet uns und gibt uns der Natur zur\u00fcck. Es lebt und atmet mit uns, w\u00e4hrend es sich gleichzeitig an das Wetter anpasst.<\/p>\n<p>Holzfenster bieten wir H\u00f6lzer in verschiedenen St\u00e4rken aus qualit\u00e4tsverleimtem, sichtseitig in L\u00e4ngsrichtung nicht verbundenem Holz an: Fichte, Tanne, L\u00e4rche und Eiche. Auch eine Kombination verschiedener Holzarten ist m\u00f6glich.<\/p>\n<p>Holzbehandlung und -auswahl nach EN 942, mehrschichtig verleimte Profile, Ast frei, getrocknet auf Holzfeuchte 13% +-2%.[\/vc_column_text][\/vc_tta_section][vc_tta_section i_type=&#8220;material&#8220; i_icon_material=&#8220;vc-material vc-material-account_box&#8220; add_icon=&#8220;true&#8220; title=&#8220;Farbkarte von Holz&#8220; tab_id=&#8220;1637055261793-84d2915d-0170&#8243;][vc_column_text]&#8220;Holz ist wirklich sch\u00f6n, mit der richtigen Pflege und Sorge bleibt es f\u00fcr immer so.&#8220;<\/p>\n<p>Heutzutage k\u00f6nnen Holzfenster mit vielen Farben und Nuancen bereichert werden und so dem Gesamtbild Ihres Hauses den letzten Schliff geben.<\/p>\n<p>Wir bieten eine <strong>breite Palette von Farbbeschichtungen<\/strong> nach unserer und der RAL-Farbkarte an. Die von uns verwendeten Lazur- und Deckfarben sichern die langfristige Funktionalit\u00e4t der Fenster und sind gleichzeitig menschen- und umweltfreundlich, da sie auf Wasserbasis hergestellt werden.<\/p>\n<p>Die Oberfl\u00e4chenbehandlung von Holz erfolgt in einer <strong>hochmodernen Roboter-Lackieranlage<\/strong> mit einem 3-fachen Auftragsverfahren: Grundimpr\u00e4gnierung und Zwischenauftrag durch fluten, Endauftrag durch Spr\u00fchen. Alle Farben basieren auf Acrylharzen. Farbton nach Farbkarte bzw. nach Muster oder nach RAL.[\/vc_column_text][\/vc_tta_section][vc_tta_section i_type=&#8220;material&#8220; i_icon_material=&#8220;vc-material vc-material-alarm&#8220; add_icon=&#8220;true&#8220; title=&#8220;Beschl\u00e4ge&#8220; tab_id=&#8220;1637055291559-90bd4255-2776&#8243;][vc_column_text]Marles FENSTER sind serienm\u00e4\u00dfig mit hochwertigen und langlebigen Beschl\u00e4gen mit <strong>hoher Korrosionsbest\u00e4ndigkeit<\/strong>, des deutschen Herstellers SIEGENIA ausgestattet.<\/p>\n<p>Die meisten der heutigen Fenster sind mit Beschl\u00e4gen zum kombinierten \u00d6ffnen ausgestattet, die es uns erm\u00f6glichen, das Fenster v\u00f6llig und zum L\u00fcften zu \u00f6ffnen. Fenster verf\u00fcgen \u00fcber eine serienm\u00e4\u00dfig eingebaute \u00d6ffnungsbremse bei der Kipp Position, die gleichzeitig den Einsturz des Fensters bei Zugluft verhindert. Eine Aufr\u00fcstung des Beschlags bis zur Sicherheitsstufe RC2 ist m\u00f6glich. Die Sch\u00f6nheit von Holz kann durch die Wahl verdeckter Beschl\u00e4ge betont werden.[\/vc_column_text][\/vc_tta_section][vc_tta_section i_type=&#8220;material&#8220; i_icon_material=&#8220;vc-material vc-material-flight&#8220; add_icon=&#8220;true&#8220; title=&#8220;Griffe&#8220; tab_id=&#8220;1637055301751-6779080e-66bd&#8220;][vc_column_text]Marles FENSTER sind standardm\u00e4\u00dfig mit Hoppe Griffen mit dem SECUSTIC-Sicherheitssystem ausgestattet, bei dem eine spezielle Sicherheitskupplung in die Mechanik eingebaut ist, die jede Bewegung des Griffs von au\u00dfen verhindert und somit ein Aufbrechen des Fensters verhindert.<\/p>\n<p>Die Griffe sind hochwertig verarbeitet, angenehm zu greifen und zu handhaben, und in einer Vielzahl von Materialien und Farben erh\u00e4ltlich.[\/vc_column_text][\/vc_tta_section][vc_tta_section i_type=&#8220;material&#8220; i_icon_material=&#8220;vc-material vc-material-android&#8220; add_icon=&#8220;true&#8220; title=&#8220;Zertifikate&#8220; tab_id=&#8220;1637055321819-b57efabc-1449&#8243;][vc_column_text]Zertifikat f\u00fcr <a href=\"https:\/\/marles-okna.com\/wp-content\/uploads\/2021\/12\/NATUR-68-NATUR-68.pdf\">NATUR 68<\/a><\/p>\n<p>Zertifikat f\u00fcr <a href=\"https:\/\/marles-okna.com\/wp-content\/uploads\/2021\/12\/NATUR-78-NATUR-78.pdf\">NATUR 78<\/a><\/p>\n<p>Zertifikat f\u00fcr <a href=\"https:\/\/marles-okna.com\/wp-content\/uploads\/2021\/12\/NATUR-92-NATUR-92.pdf\">NATUR 92<\/a><\/p>\n<p>[\/vc_column_text][\/vc_tta_section][\/vc_tta_accordion][\/vc_column][vc_column width=&#8220;1\/4&#8243;][\/vc_column][\/vc_row][vc_row][vc_column offset=&#8220;vc_hidden-sm vc_hidden-xs&#8220;]   \r\n\r\n[\/vc_column][\/vc_row][vc_row css=&#8220;.vc_custom_1643273128268{padding-top: 10px !important;padding-bottom: 50px !important;background-image: url(https:\/\/marles-okna.com\/wp-content\/uploads\/2021\/11\/Marles-OKNA-izracun.jpg?id=681) !important;}&#8220; el_id=&#8220;ponudba&#8220;][vc_column width=&#8220;1\/6&#8243; offset=&#8220;vc_hidden-sm vc_hidden-xs&#8220;][\/vc_column][vc_column width=&#8220;2\/3&#8243; css=&#8220;.vc_custom_1643211848479{border-radius: 5px !important;}&#8220; el_id=&#8220;cta-special&#8220; offset=&#8220;vc_hidden-sm vc_hidden-xs&#8220;][vc_row_inner css=&#8220;.vc_custom_1637674514191{border-radius: 5px !important;}&#8220;][vc_column_inner width=&#8220;2\/3&#8243; css=&#8220;.vc_custom_1637839779774{padding-right: 20px !important;}&#8220;][vc_column_text css=&#8220;.vc_custom_1647247139336{padding-left: 60px !important;}&#8220;]<\/p>\n<p style=\"color: #454141;\"><em>Kontaktieren Sie uns f\u00fcr mehr Informationen \u00fcber Brandschutzfenster des Unternehmens Marles FENSTER.<\/em><\/p>\n<p>[\/vc_column_text][\/vc_column_inner][vc_column_inner width=&#8220;1\/3&#8243;][vc_btn title=&#8220;KONTAKT&#8220; style=&#8220;custom&#8220; custom_background=&#8220;#454141&#8243; custom_text=&#8220;#ffffff&#8220; shape=&#8220;square&#8220; size=&#8220;lg&#8220; align=&#8220;center&#8220; link=&#8220;url:https%3A%2F%2Fmarles-okna.com%2Fde%2Fkontakt%2F|title:Kontakt|&#8220;][\/vc_column_inner][\/vc_row_inner][\/vc_column][vc_column width=&#8220;1\/6&#8243; offset=&#8220;vc_hidden-sm vc_hidden-xs&#8220;][\/vc_column][\/vc_row][vc_row css=&#8220;.vc_custom_1643273120382{padding-top: 10px !important;padding-bottom: 50px !important;background-color: #9f9191 !important;}&#8220; el_id=&#8220;ponudba-mobile&#8220;][vc_column css=&#8220;.vc_custom_1643211892620{border-radius: 5px !important;}&#8220; offset=&#8220;vc_hidden-lg vc_hidden-md&#8220;][vc_column_text css=&#8220;.vc_custom_1647247263302{padding-left: 60px !important;}&#8220;]<\/p>\n<p style=\"color: #454141;\"><em>Kontaktieren Sie uns f\u00fcr mehr Informationen \u00fcber Brandschutzfenster des Unternehmens Marles FENSTER.<\/em><\/p>\n<p>[\/vc_column_text][vc_btn title=&#8220;KONTAKT&#8220; style=&#8220;custom&#8220; custom_background=&#8220;#454141&#8243; custom_text=&#8220;#ffffff&#8220; shape=&#8220;square&#8220; size=&#8220;lg&#8220; align=&#8220;center&#8220; link=&#8220;url:https%3A%2F%2Fmarles-okna.com%2Fde%2Fkontakt%2F|title:Kontakt|&#8220;][\/vc_column][\/vc_row][vc_row css=&#8220;.vc_custom_1643211750026{padding-top: 76px !important;padding-bottom: 76px !important;}&#8220; el_id=&#8220;lastnosti-pozarno&#8220;][vc_column width=&#8220;1\/6&#8243;][\/vc_column][vc_column width=&#8220;2\/3&#8243;][vc_custom_heading text=&#8220;Eine Investition in Gesundheit und Wohlbefinden&#8220; font_container=&#8220;tag:h6|font_size:16px|text_align:center|color:%239f9191|line_height:24px&#8220; use_theme_fonts=&#8220;yes&#8220;][vc_custom_heading text=&#8220;TECHNISCHE EIGENSCHAFTEN VON BRANDSCHUTZFENSTERN DES UNTEREHMENS MARLES FENSTER&#8220; font_container=&#8220;tag:h2|text_align:center&#8220; use_theme_fonts=&#8220;yes&#8220;][vc_separator color=&#8220;custom&#8220; border_width=&#8220;6&#8243; el_width=&#8220;10&#8243; accent_color=&#8220;#ff7d23&#8243;][vc_raw_html]JTNDZGl2JTIwc3R5bGUlM0QlMjJvdmVyZmxvdy14JTNBYXV0byUzQiUyMiUzRSUwQSUyMCUyMCUzQ3RhYmxlJTNFJTBBJTIwJTIwJTIwJTIwJTNDdHIlM0UlMEElMjAlMjAlMjAlMjAlMjAlMjAlM0N0aCUzRSUzQyUyRnRoJTNFJTBBJTIwJTIwJTIwJTIwJTIwJTIwJTNDdGglM0VOYXR1ciUyMDc4JTIwRUklMjAzMCUzQyUyRnRoJTNFJTBBJTIwJTIwJTIwJTIwJTIwJTIwJTNDdGglM0VFeGNsdXNpdmUlMjA5MiUyMEVJJTIwMzAlM0MlMkZ0aCUzRSUwQSUyMCUyMCUyMCUyMCUzQyUyRnRyJTNFJTBBJTIwJTIwJTIwJTIwJTNDdHIlM0UlMEElMjAlMjAlMjAlMjAlMjAlMjAlM0N0aCUzRVByb2ZpbGRpbWVuc2lvbmVuJTIwSG9seiUzQyUyRnRoJTNFJTBBJTIwJTIwJTIwJTIwJTIwJTIwJTNDdGQlM0UxMTUlMkYxMzAlM0MlMkZ0ZCUzRSUwQSUyMCUyMCUyMCUyMCUyMCUyMCUzQ3RkJTNFMTE1JTJGMTMwJTNDJTJGdGQlM0UlMEElMjAlMjAlMjAlMjAlM0MlMkZ0ciUzRSUwQSUyMCUyMCUyMCUyMCUzQ3RyJTNFJTBBJTIwJTIwJTIwJTIwJTIwJTIwJTNDdGglM0VXJUMzJUE0cm1lbGVpdGYlQzMlQTRoaWdrZWl0JTIwZGVzJTIwRmVuc3RlcnMlMjAlMjhVdyUyOSUzQyUyRnRoJTNFJTBBJTIwJTIwJTIwJTIwJTIwJTIwJTNDdGQlM0VVdyUyMCUzRCUyMDElMkMzJTIwVyUyRm0ySyUzQyUyRnRkJTNFJTBBJTIwJTIwJTIwJTIwJTIwJTIwJTNDdGQlM0VVdyUyMCUzRCUyMDAlMkM4NSUyMFclMkZtMkslM0MlMkZ0ZCUzRSUwQSUyMCUyMCUyMCUyMCUzQyUyRnRyJTNFJTBBJTIwJTIwJTIwJTIwJTNDdHIlM0UlMEElMjAlMjAlMjAlMjAlMjAlMjAlM0N0aCUzRVclQzMlQTRybWVsZWl0ZiVDMyVBNGhpZ2tlaXQlMjBkZXIlMjBTY2hlaWJlJTIwJTI4VWclMjklM0MlMkZ0aCUzRSUwQSUyMCUyMCUyMCUyMCUyMCUyMCUzQ3RkJTNFMSUyQzElMjAlMkYlMjBDb250cmFmbGFtJTIwRUkzMCUyMCUyODE2JTJGMTglMjBpbm94JTJGRVNHJTIwNiUyOSUzQyUyRnRkJTNFJTBBJTIwJTIwJTIwJTIwJTIwJTIwJTNDdGQlM0UwJTJDNiUyMCUyRiUyMENvbnRyYWZsYW0lMjBFSTMwJTIwJTI4MTYlMkYxNCUyMGlub3glMkY0JTIwRVNHJTJGMTQlMjBpbm94JTJGRVNHJTIwNiUyOSUzQyUyRnRkJTNFJTBBJTIwJTIwJTIwJTIwJTNDJTJGdHIlM0UlMEElMjAlMjAlMjAlMjAlM0N0ciUzRSUwQSUyMCUyMCUyMCUyMCUyMCUyMCUzQ3RoJTNFQWJzdGFuZHNoYWx0ZXIlMjBpbiUyMGRlciUyMFNjaGVpYmUlM0MlMkZ0aCUzRSUwQSUyMCUyMCUyMCUyMCUyMCUyMCUzQ3RkJTNFU1RBSEwlMkZFREVMU1RBSEwlMjAlMjgwJTJDMDUxJTIwVyUyRm0yayUyOSUzQyUyRnRkJTNFJTBBJTIwJTIwJTIwJTIwJTIwJTIwJTNDdGQlM0VTVEFITCUyRkVERUxTVEFITCUyMCUyODAlMkMwNTElMjBXJTJGbTJrJTI5JTNDJTJGdGQlM0UlMEElMjAlMjAlMjAlMjAlM0MlMkZ0ciUzRSUwQSUyMCUyMCUyMCUyMCUzQ3RyJTNFJTBBJTIwJTIwJTIwJTIwJTIwJTIwJTNDdGglM0VTY2hhbGxkJUMzJUE0bW11bmclMjAlMjhkQiUyOSUzQyUyRnRoJTNFJTBBJTIwJTIwJTIwJTIwJTIwJTIwJTNDdGQlM0VjYS4lMjAzOGRCJTNDJTJGdGQlM0UlMEElMjAlMjAlMjAlMjAlMjAlMjAlM0N0ZCUzRWNhLiUyMDM4ZEIlM0MlMkZ0ZCUzRSUwQSUyMCUyMCUyMCUyMCUzQyUyRnRyJTNFJTBBJTIwJTIwJTIwJTIwJTNDdHIlM0UlMEElMjAlMjAlMjAlMjAlMjAlMjAlM0N0aCUzRURpY2h0dW5nZW4lM0MlMkZ0aCUzRSUwQSUyMCUyMCUyMCUyMCUyMCUyMCUzQ3RkJTNFU0NIV0VSJTIwRU5URkxBTU1CQVJFJTIwRElDSFRVTkdFTiUyMCUyRiUyMDIlMjBEaWNodHVuZ2VuJTNDJTJGdGQlM0UlMEElMjAlMjAlMjAlMjAlMjAlMjAlM0N0ZCUzRVNDSFdFUiUyMEVOVEZMQU1NQkFSRSUyMERJQ0hUVU5HRU4lMjAlMkYlMjAyJTIwRGljaHR1bmdlbiUzQyUyRnRkJTNFJTBBJTIwJTIwJTIwJTIwJTNDJTJGdHIlM0UlMEElMjAlMjAlM0MlMkZ0YWJsZSUzRSUwQSUzQyUyRmRpdiUzRSUwQQ==[\/vc_raw_html][\/vc_column][vc_column width=&#8220;1\/6&#8243;][\/vc_column][\/vc_row][vc_row css=&#8220;.vc_custom_1637769437052{padding-top: 100px !important;padding-right: 100px !important;padding-bottom: 100px !important;padding-left: 100px !important;background-color: #454141 !important;}&#8220;][vc_column width=&#8220;1\/3&#8243;][vc_row_inner][vc_column_inner width=&#8220;1\/4&#8243;][vc_single_image image=&#8220;639&#8243; img_size=&#8220;full&#8220;][\/vc_column_inner][vc_column_inner width=&#8220;3\/4&#8243;][vc_custom_heading text=&#8220;Nat\u00fcrliches Material&#8220; font_container=&#8220;tag:p|font_size:20px|text_align:left|color:%23ada2a2&#8243; use_theme_fonts=&#8220;yes&#8220;][vc_column_text]<\/p>\n<p style=\"color: #7b7575; font-size: 14px;\">Wir verwenden Holz, ein nat\u00fcrliches, \u00e4sthetisch sch\u00f6nes, erneuerbares Material, das CO2 in sich speichert.<\/p>\n<p>[\/vc_column_text][\/vc_column_inner][\/vc_row_inner][\/vc_column][vc_column width=&#8220;1\/3&#8243;][vc_row_inner][vc_column_inner width=&#8220;1\/4&#8243;][vc_single_image image=&#8220;640&#8243; img_size=&#8220;full&#8220;][\/vc_column_inner][vc_column_inner width=&#8220;3\/4&#8243;][vc_custom_heading text=&#8220;Energieeffizienz&#8220; font_container=&#8220;tag:p|font_size:20px|text_align:left|color:%23ada2a2&#8243; use_theme_fonts=&#8220;yes&#8220;][vc_column_text]<\/p>\n<p style=\"color: #7b7575; font-size: 14px;\">Holz ist aufgrund der enthaltenden Luft ein \u00e4u\u00dferst w\u00e4rmeeffizientes Material und eignet sich bestens f\u00fcr Niedrigenergie- und Passivh\u00e4user.<\/p>\n<p>[\/vc_column_text][\/vc_column_inner][\/vc_row_inner][\/vc_column][vc_column width=&#8220;1\/3&#8243;][vc_row_inner][vc_column_inner width=&#8220;1\/4&#8243;][vc_single_image image=&#8220;641&#8243; img_size=&#8220;full&#8220;][\/vc_column_inner][vc_column_inner width=&#8220;3\/4&#8243;][vc_custom_heading text=&#8220;Nachhaltiges Produkt&#8220; font_container=&#8220;tag:p|font_size:20px|text_align:left|color:%23ada2a2&#8243; use_theme_fonts=&#8220;yes&#8220;][vc_column_text]<\/p>\n<p style=\"color: #7b7575; font-size: 14px;\">Produkte aus Holz sind nachhaltig.<\/p>\n<p>[\/vc_column_text][\/vc_column_inner][\/vc_row_inner][\/vc_column][\/vc_row][vc_row css=&#8220;.vc_custom_1643211982927{padding-top: 76px !important;background-color: #ffffff !important;}&#8220; el_id=&#8220;nadgradnja&#8220;][vc_column el_class=&#8220;nadgradnja&#8220;][vc_custom_heading text=&#8220;Eine Investition in Gesundheit und Wohlbefinden&#8220; font_container=&#8220;tag:h6|font_size:16px|text_align:center|color:%239f9191|line_height:24px&#8220; use_theme_fonts=&#8220;yes&#8220;][vc_custom_heading text=&#8220;AUFSTOCKUNG DER FENSTER&#8220; font_container=&#8220;tag:h2|text_align:center&#8220; use_theme_fonts=&#8220;yes&#8220;][vc_separator color=&#8220;custom&#8220; border_width=&#8220;6&#8243; el_width=&#8220;10&#8243; accent_color=&#8220;#ff7d23&#8243;][vc_row_inner][vc_column_inner width=&#8220;1\/6&#8243;][\/vc_column_inner][vc_column_inner width=&#8220;2\/3&#8243;][vc_column_text css=&#8220;.vc_custom_1647247308729{padding-top: 34px !important;padding-right: 50px !important;padding-left: 50px !important;}&#8220;]<\/p>\n<p style=\"text-align: center; font-weight: 300; line-height: 24px; color: #716b6b;\">Immer gr\u00f6\u00dfere Glasfl\u00e4chen <strong>\u00f6ffnen den Raum nach au\u00dfen<\/strong> und erlauben so das Eindringen von Sonnenlicht und <strong>den Blick unerw\u00fcnschter Beobachter<\/strong> in unsere Wohnumgebung. Die Unannehmlichkeiten werden durch Raffstoren, Rolll\u00e4den oder Fensterl\u00e4den verhindert, die die Einfl\u00fcsse von au\u00dfen begrenzen oder verhindern.<\/p>\n<p style=\"text-align: center; font-weight: 300; line-height: 24px; color: #716b6b;\">Bei Marles FENSTER stellen wir Fensterl\u00e4den f\u00fcr Sie her und bieten in Zusammenarbeit mit unseren Partnern eine gro\u00dfe Auswahl an Raffstoren, Rolll\u00e4den und Moskitonetzen an.<\/p>\n<p>[\/vc_column_text][\/vc_column_inner][vc_column_inner width=&#8220;1\/6&#8243;][\/vc_column_inner][\/vc_row_inner]\t \r\n\r\n<!-- #room-dimention -->\r\n<section id=\"room-dimention\">\r\n\t<div class=\"container\">\r\n\t\t<!-- .section-title -->\r\n\t\t<div class=\"section-title text-center\">\r\n\t\t\t<span><\/span>\r\n\t\t\t<h2><span><\/span><\/h2>\r\n\t\t\t<p><\/p>\r\n\t\t<\/div><!-- \/.section-title -->\r\n\t\t<!-- .gallery-filter -->\r\n\t\t<ul class=\"gallery-filter text-center\">\r\n\t\t\t<li data-filter=\".gal_1425\" class=\"room-filter\"><span>VERDECKTE BESCHL\u00c4GE<\/span><\/li>\n<li data-filter=\".gal_1431\" class=\"room-filter\"><span>FENSTERL\u00c4DEN<\/span><\/li>\n<li data-filter=\".gal_1426\" class=\"room-filter\"><span>MOSKITONETZE<\/span><\/li>\n<li data-filter=\".gal_1427\" class=\"room-filter\"><span>Raffstoren<\/span><\/li>\n<li data-filter=\".gal_1428\" class=\"room-filter\"><span>ROLL\u00c4DEN<\/span><\/li>\n<li data-filter=\".gal_1429\" class=\"room-filter\"><span>SENSOREN<\/span><\/li>\n<li data-filter=\".gal_1430\" class=\"room-filter\"><span>Soft close<\/span><\/li>\t\t<\/ul><!-- \/.gallery-filter -->\r\n\t\t<div class=\"row image-gallery\" data-filter-class=\"room-filter\" data-show-on-load=\"gal_1425\">\r\n\t\t\t<div class=\"single-room-dimention mix gal_1425\">\r\n\t\t\t\t\t\t\t\t\t<div class=\"col-lg-7 col-md-12 img-wrap\">\r\n\t\t\t\t\t\t\t\t\t\t<div class=\"img-holder\">\r\n\t\t\t\t\t\t\t\t\t\t\t<img loading=\"lazy\" decoding=\"async\" width=\"670\" height=\"417\" src=\"https:\/\/marles-okna.com\/wp-content\/uploads\/2016\/01\/MARLES-OKNA_skrito-okovje_725x532px-copy-3-1-670x417.jpg\" class=\"attachment-apartvilla_seven size-apartvilla_seven wp-post-image\" alt=\"\" \/>\r\n\t\t\t\t\t\t\t\t\t\t\t<div class=\"room-size\">\r\n\t\t\t\t\t\t\t\t\t\t\t\t\r\n\t\t\t\t\t\t\t\t\t\t\t<\/div>\r\n\t\t\t\t\t\t\t\t\t\t<\/div>\r\n\t\t\t\t\t\t\t\t\t<\/div>\r\n\t\t\t\t\t\t\t\t\t<div class=\"col-lg-5 col-md-12 content room_dimension\">\r\n\t\t\t\t\t\t\t\t\t\t<h2><\/h2>\r\n\t\t\t\t\t\t\t\t\t\t<p>Durch die Verwendung von verdeckten Beschl\u00e4gen tragen wir zum modernen Look bei und betonen die Sch\u00f6nheit von Holz. Die Linien sind sauber und die Beschl\u00e4ge und Lager sind versteckt. Die Abdichtung verbessert sich. Bei Marles FENSTER verwenden wir verdeckte Beschl\u00e4ge von Siegenia und Roto.<\/p>\r\n\t\t\t\t\t\t\t\t\t\t<ul>\r\n\t\t\t\t\t\t\t\t\t\t\t<li><i class=\"fa fa-long-arrow-right\"><\/i> <\/li>\r\n\t\t\t\t\t\t\t\t\t\t<\/ul>\r\n\t\t\t\t\t\t\t\t\t<\/div>\r\n\t\t\t\t\t\t\t\t<\/div>\n<div class=\"single-room-dimention mix gal_1431\">\r\n\t\t\t\t\t\t\t\t\t<div class=\"col-lg-7 col-md-12 img-wrap\">\r\n\t\t\t\t\t\t\t\t\t\t<div class=\"img-holder\">\r\n\t\t\t\t\t\t\t\t\t\t\t<img loading=\"lazy\" decoding=\"async\" width=\"670\" height=\"417\" src=\"https:\/\/marles-okna.com\/wp-content\/uploads\/2016\/01\/MARLES-OKNA_polkna_725x532px-copy-7-670x417.jpg\" class=\"attachment-apartvilla_seven size-apartvilla_seven wp-post-image\" alt=\"\" \/>\r\n\t\t\t\t\t\t\t\t\t\t\t<div class=\"room-size\">\r\n\t\t\t\t\t\t\t\t\t\t\t\t\r\n\t\t\t\t\t\t\t\t\t\t\t<\/div>\r\n\t\t\t\t\t\t\t\t\t\t<\/div>\r\n\t\t\t\t\t\t\t\t\t<\/div>\r\n\t\t\t\t\t\t\t\t\t<div class=\"col-lg-5 col-md-12 content room_dimension\">\r\n\t\t\t\t\t\t\t\t\t\t<h2><\/h2>\r\n\t\t\t\t\t\t\t\t\t\t<p>Fensterl\u00e4den sind Blenden mit der l\u00e4ngsten Tradition. ensterl\u00e4den bieten den effektivsten Schutz vor Witterungseinfl\u00fcssen, sie sind ein hervorragender Isolator und bieten im Vergleich zu anderen Blenden eine h\u00f6here Einbruchsicherheit. ufgrund ihrer \u00e4sthetischen Perfektion erg\u00e4nzen sie unterschiedliche Baustile. Bei Marles FENSTER produzieren wir Fensterl\u00e4den mit festen Lamellen und Fensterl\u00e4den mit F\u00fcllungen.<\/p>\r\n\t\t\t\t\t\t\t\t\t\t<ul>\r\n\t\t\t\t\t\t\t\t\t\t\t<li><i class=\"fa fa-long-arrow-right\"><\/i> <\/li>\r\n\t\t\t\t\t\t\t\t\t\t<\/ul>\r\n\t\t\t\t\t\t\t\t\t<\/div>\r\n\t\t\t\t\t\t\t\t<\/div>\n<div class=\"single-room-dimention mix gal_1426\">\r\n\t\t\t\t\t\t\t\t\t<div class=\"col-lg-7 col-md-12 img-wrap\">\r\n\t\t\t\t\t\t\t\t\t\t<div class=\"img-holder\">\r\n\t\t\t\t\t\t\t\t\t\t\t<img loading=\"lazy\" decoding=\"async\" width=\"670\" height=\"417\" src=\"https:\/\/marles-okna.com\/wp-content\/uploads\/2016\/01\/MARLES-OKNA_komarniki-ROLTEK-prehod-za-macke_L_725x532px-copy-670x417.jpg\" class=\"attachment-apartvilla_seven size-apartvilla_seven wp-post-image\" alt=\"\" \/>\r\n\t\t\t\t\t\t\t\t\t\t\t<div class=\"room-size\">\r\n\t\t\t\t\t\t\t\t\t\t\t\t\r\n\t\t\t\t\t\t\t\t\t\t\t<\/div>\r\n\t\t\t\t\t\t\t\t\t\t<\/div>\r\n\t\t\t\t\t\t\t\t\t<\/div>\r\n\t\t\t\t\t\t\t\t\t<div class=\"col-lg-5 col-md-12 content room_dimension\">\r\n\t\t\t\t\t\t\t\t\t\t<h2><\/h2>\r\n\t\t\t\t\t\t\t\t\t\t<p>Zum Schutz vor dem Eindringen verschiedener Insekten, insbesondere M\u00fccken, k\u00f6nnen Sie beim Fensterkauf auch Moskitonetze kaufen. Moskitonetze sind in verschiedenen Gr\u00f6\u00dfen erh\u00e4ltlich und eignen sich f\u00fcr Neu- und Altbauten. Sie k\u00f6nnen zwischen Roll-, Schiebe-, Fl\u00fcgel-, Festen oder Plissee-Moskitonetzen w\u00e4hlen.<\/p>\r\n\t\t\t\t\t\t\t\t\t\t<ul>\r\n\t\t\t\t\t\t\t\t\t\t\t<li><i class=\"fa fa-long-arrow-right\"><\/i> <\/li>\r\n\t\t\t\t\t\t\t\t\t\t<\/ul>\r\n\t\t\t\t\t\t\t\t\t<\/div>\r\n\t\t\t\t\t\t\t\t<\/div>\n<div class=\"single-room-dimention mix gal_1427\">\r\n\t\t\t\t\t\t\t\t\t<div class=\"col-lg-7 col-md-12 img-wrap\">\r\n\t\t\t\t\t\t\t\t\t\t<div class=\"img-holder\">\r\n\t\t\t\t\t\t\t\t\t\t\t<img loading=\"lazy\" decoding=\"async\" width=\"670\" height=\"417\" src=\"https:\/\/marles-okna.com\/wp-content\/uploads\/2016\/01\/MARLES-OKNA_zaluzije-ROLTEK-HERO-2_725x532px-670x417.jpg\" class=\"attachment-apartvilla_seven size-apartvilla_seven wp-post-image\" alt=\"\" \/>\r\n\t\t\t\t\t\t\t\t\t\t\t<div class=\"room-size\">\r\n\t\t\t\t\t\t\t\t\t\t\t\t\r\n\t\t\t\t\t\t\t\t\t\t\t<\/div>\r\n\t\t\t\t\t\t\t\t\t\t<\/div>\r\n\t\t\t\t\t\t\t\t\t<\/div>\r\n\t\t\t\t\t\t\t\t\t<div class=\"col-lg-5 col-md-12 content room_dimension\">\r\n\t\t\t\t\t\t\t\t\t\t<h2><\/h2>\r\n\t\t\t\t\t\t\t\t\t\t<p>Raffstoren sind aufgrund ihrer modernen Optik ein beliebtes Element der heutigen Architektur. Neben dem edlen Design wird auch auf eine besondere Stabilit\u00e4t geachtet, die f\u00fcr zus\u00e4tzliche Sicherheit gegen Einbruch sorgt. nterschiedliche Lamellenformen erm\u00f6glichen eine ganz individuelle L\u00f6sung. Wir unterscheiden sie in Vorfenster-, \u00dcberfenster-, verdeckte und schr\u00e4ge Raffstoren. Sie k\u00f6nnen in neuen und alten Geb\u00e4uden installiert<\/p>\r\n\t\t\t\t\t\t\t\t\t\t<ul>\r\n\t\t\t\t\t\t\t\t\t\t\t<li><i class=\"fa fa-long-arrow-right\"><\/i> <\/li>\r\n\t\t\t\t\t\t\t\t\t\t<\/ul>\r\n\t\t\t\t\t\t\t\t\t<\/div>\r\n\t\t\t\t\t\t\t\t<\/div>\n<div class=\"single-room-dimention mix gal_1428\">\r\n\t\t\t\t\t\t\t\t\t<div class=\"col-lg-7 col-md-12 img-wrap\">\r\n\t\t\t\t\t\t\t\t\t\t<div class=\"img-holder\">\r\n\t\t\t\t\t\t\t\t\t\t\t<img loading=\"lazy\" decoding=\"async\" width=\"670\" height=\"417\" src=\"https:\/\/marles-okna.com\/wp-content\/uploads\/2016\/01\/MARLES-OKNA_rolete-ROLTEK_PENTO_725x532px-670x417.jpg\" class=\"attachment-apartvilla_seven size-apartvilla_seven wp-post-image\" alt=\"\" \/>\r\n\t\t\t\t\t\t\t\t\t\t\t<div class=\"room-size\">\r\n\t\t\t\t\t\t\t\t\t\t\t\t\r\n\t\t\t\t\t\t\t\t\t\t\t<\/div>\r\n\t\t\t\t\t\t\t\t\t\t<\/div>\r\n\t\t\t\t\t\t\t\t\t<\/div>\r\n\t\t\t\t\t\t\t\t\t<div class=\"col-lg-5 col-md-12 content room_dimension\">\r\n\t\t\t\t\t\t\t\t\t\t<h2><\/h2>\r\n\t\t\t\t\t\t\t\t\t\t<p>Rolll\u00e4den sch\u00fctzen unsere Wohnr\u00e4ume vor dem Eindringen der sommerlichen Hitze, verhindern W\u00e4rmeverluste, versperren den Blick ins Innere und bieten Sicherheit vor einem m\u00f6glichen Einbruch. Das Steuerungssystem ist flexibel und kann auch vollst\u00e4ndig automatisiert sein. Aufgrund ihrer gro\u00dfen Flexibilit\u00e4t sind sie ideal f\u00fcr Neubauten und schon bestehende Objekte. Sie haben die Wahl zwischen Vorfenster-, \u00dcberfenster-, verdeckt<\/p>\r\n\t\t\t\t\t\t\t\t\t\t<ul>\r\n\t\t\t\t\t\t\t\t\t\t\t<li><i class=\"fa fa-long-arrow-right\"><\/i> <\/li>\r\n\t\t\t\t\t\t\t\t\t\t<\/ul>\r\n\t\t\t\t\t\t\t\t\t<\/div>\r\n\t\t\t\t\t\t\t\t<\/div>\n<div class=\"single-room-dimention mix gal_1429\">\r\n\t\t\t\t\t\t\t\t\t<div class=\"col-lg-7 col-md-12 img-wrap\">\r\n\t\t\t\t\t\t\t\t\t\t<div class=\"img-holder\">\r\n\t\t\t\t\t\t\t\t\t\t\t<img loading=\"lazy\" decoding=\"async\" width=\"670\" height=\"417\" src=\"https:\/\/marles-okna.com\/wp-content\/uploads\/2021\/11\/MARLES-OKNA_Senzorji-za-varnost_725x532px-copy-4-670x417.jpg\" class=\"attachment-apartvilla_seven size-apartvilla_seven wp-post-image\" alt=\"\" \/>\r\n\t\t\t\t\t\t\t\t\t\t\t<div class=\"room-size\">\r\n\t\t\t\t\t\t\t\t\t\t\t\t\r\n\t\t\t\t\t\t\t\t\t\t\t<\/div>\r\n\t\t\t\t\t\t\t\t\t\t<\/div>\r\n\t\t\t\t\t\t\t\t\t<\/div>\r\n\t\t\t\t\t\t\t\t\t<div class=\"col-lg-5 col-md-12 content room_dimension\">\r\n\t\t\t\t\t\t\t\t\t\t<h2><\/h2>\r\n\t\t\t\t\t\t\t\t\t\t<p>Im Bereich der technischen Absicherung f\u00fcr die \u00d6ffnungen von Fenstern und T\u00fcren werden Siegenia Sensoren eingesetzt. Die Sensoren werden in die Fensterbeschl\u00e4ge integriert und per Kabel oder WLAN mit der Sicherheitszentrale verbunden. Sie k\u00f6nnen als \u00d6ffnungs- und Geschlossenheitserkennung von T\u00fcren und Fenstern, f\u00fcr Sicherheitszwecke und insbesondere f\u00fcr den ordnungsgem\u00e4\u00dfen Betrieb von L\u00fcftungsanlagen verwendet werden.<\/p>\r\n\t\t\t\t\t\t\t\t\t\t<ul>\r\n\t\t\t\t\t\t\t\t\t\t\t<li><i class=\"fa fa-long-arrow-right\"><\/i> <\/li>\r\n\t\t\t\t\t\t\t\t\t\t<\/ul>\r\n\t\t\t\t\t\t\t\t\t<\/div>\r\n\t\t\t\t\t\t\t\t<\/div>\n<div class=\"single-room-dimention mix gal_1430\">\r\n\t\t\t\t\t\t\t\t\t<div class=\"col-lg-7 col-md-12 img-wrap\">\r\n\t\t\t\t\t\t\t\t\t\t<div class=\"img-holder\">\r\n\t\t\t\t\t\t\t\t\t\t\t<img loading=\"lazy\" decoding=\"async\" width=\"670\" height=\"417\" src=\"https:\/\/marles-okna.com\/wp-content\/uploads\/2021\/11\/02-MARLES-OKNA_soft-close_725x532px-copy-2-670x417.jpg\" class=\"attachment-apartvilla_seven size-apartvilla_seven wp-post-image\" alt=\"\" \/>\r\n\t\t\t\t\t\t\t\t\t\t\t<div class=\"room-size\">\r\n\t\t\t\t\t\t\t\t\t\t\t\t\r\n\t\t\t\t\t\t\t\t\t\t\t<\/div>\r\n\t\t\t\t\t\t\t\t\t\t<\/div>\r\n\t\t\t\t\t\t\t\t\t<\/div>\r\n\t\t\t\t\t\t\t\t\t<div class=\"col-lg-5 col-md-12 content room_dimension\">\r\n\t\t\t\t\t\t\t\t\t\t<h2><\/h2>\r\n\t\t\t\t\t\t\t\t\t\t<p>Gro\u00dfe Glasfl\u00e4chen sind aufgrund ihres Gewichts schwieriger zu kontrollieren, insbesondere beim Schlie\u00dfen. Das Soft-Close-System erleichtert somit das Stoppen schwerer Schiebet\u00fcren.<\/p>\r\n\t\t\t\t\t\t\t\t\t\t<ul>\r\n\t\t\t\t\t\t\t\t\t\t\t<li><i class=\"fa fa-long-arrow-right\"><\/i> <\/li>\r\n\t\t\t\t\t\t\t\t\t\t<\/ul>\r\n\t\t\t\t\t\t\t\t\t<\/div>\r\n\t\t\t\t\t\t\t\t<\/div>\t\t<\/div>\r\n\t<\/div>\r\n<\/section><!-- \/#room-dimention -->\r\n[vc_empty_space height=&#8220;70px&#8220;][\/vc_column][\/vc_row]<\/p>\n","protected":false},"excerpt":{"rendered":"<p>[vc_row css=&#8220;.vc_custom_1637322416259{padding-top: 76px !important;}&#8220;][vc_column width=&#8220;1\/6&#8243;][\/vc_column][vc_column width=&#8220;2\/3&#8243;][vc_custom_heading text=&#8220;Eine Investition in Gesundheit und Wohlbefinden&#8220; font_container=&#8220;tag:h6|font_size:16px|text_align:center|color:%239f9191|line_height:24px&#8220; use_theme_fonts=&#8220;yes&#8220;][vc_custom_heading text=&#8220;BRANDSCHUTZFENSTER&#8220; font_container=&#8220;tag:h2|text_align:center&#8220; use_theme_fonts=&#8220;yes&#8220;][vc_separator color=&#8220;custom&#8220; border_width=&#8220;6&#8243; el_width=&#8220;10&#8243; accent_color=&#8220;#ff7d23&#8243;][vc_column_text css=&#8220;.vc_custom_1640008897033{padding-top: 34px !important;padding-right: 50px !important;padding-left: 50px !important;}&#8220;] Obwohl Holz brennbar ist, brennt es sehr langsam, vorhersehbar und messbar. Im Brandfall werden nahezu keine sch\u00e4dlichen Gase erzeugt, wie z. B. bei PVC-Kunststofffenstern, wo hochgiftige, f\u00fcr<\/p>\n","protected":false},"author":1,"featured_media":0,"parent":0,"menu_order":0,"comment_status":"closed","ping_status":"closed","template":"tpl-visual_composer2.php","meta":{"inline_featured_image":false,"footnotes":""},"class_list":["post-1337","page","type-page","status-publish","hentry"],"yoast_head":"<!-- This site is optimized with the Yoast SEO plugin v26.2 - https:\/\/yoast.com\/wordpress\/plugins\/seo\/ -->\n<title>Brandschutzfenster - Marles OKNA<\/title>\n<meta name=\"description\" content=\"Brandschutz mit Zertifikat f\u00fcr Brandschutzfenster El30 seit 2014. Entscheiden Sie sich f\u00fcr das Brandschutzfenster von Marles FENSTER.\" \/>\n<meta name=\"robots\" content=\"index, follow, max-snippet:-1, max-image-preview:large, max-video-preview:-1\" \/>\n<link rel=\"canonical\" href=\"https:\/\/marles-okna.com\/de\/brandschutzfenster\/\" \/>\n<meta property=\"og:locale\" content=\"de_DE\" \/>\n<meta property=\"og:type\" content=\"article\" \/>\n<meta property=\"og:title\" content=\"Brandschutzfenster - Marles OKNA\" \/>\n<meta property=\"og:description\" content=\"Brandschutz mit Zertifikat f\u00fcr Brandschutzfenster El30 seit 2014. Entscheiden Sie sich f\u00fcr das Brandschutzfenster von Marles FENSTER.\" \/>\n<meta property=\"og:url\" content=\"https:\/\/marles-okna.com\/de\/brandschutzfenster\/\" \/>\n<meta property=\"og:site_name\" content=\"Marles OKNA\" \/>\n<meta property=\"article:modified_time\" content=\"2026-02-09T12:49:08+00:00\" \/>\n<meta name=\"twitter:card\" content=\"summary_large_image\" \/>\n<meta name=\"twitter:label1\" content=\"Gesch\u00e4tzte Lesezeit\" \/>\n\t<meta name=\"twitter:data1\" content=\"7\u00a0Minuten\" \/>\n<script type=\"application\/ld+json\" class=\"yoast-schema-graph\">{\"@context\":\"https:\/\/schema.org\",\"@graph\":[{\"@type\":\"WebPage\",\"@id\":\"https:\/\/marles-okna.com\/de\/brandschutzfenster\/\",\"url\":\"https:\/\/marles-okna.com\/de\/brandschutzfenster\/\",\"name\":\"Brandschutzfenster - Marles OKNA\",\"isPartOf\":{\"@id\":\"https:\/\/marles-okna.com\/de\/#website\"},\"datePublished\":\"2021-12-14T10:53:06+00:00\",\"dateModified\":\"2026-02-09T12:49:08+00:00\",\"description\":\"Brandschutz mit Zertifikat f\u00fcr Brandschutzfenster El30 seit 2014. Entscheiden Sie sich f\u00fcr das Brandschutzfenster von Marles FENSTER.\",\"breadcrumb\":{\"@id\":\"https:\/\/marles-okna.com\/de\/brandschutzfenster\/#breadcrumb\"},\"inLanguage\":\"de\",\"potentialAction\":[{\"@type\":\"ReadAction\",\"target\":[\"https:\/\/marles-okna.com\/de\/brandschutzfenster\/\"]}]},{\"@type\":\"BreadcrumbList\",\"@id\":\"https:\/\/marles-okna.com\/de\/brandschutzfenster\/#breadcrumb\",\"itemListElement\":[{\"@type\":\"ListItem\",\"position\":1,\"name\":\"Home\",\"item\":\"https:\/\/marles-okna.com\/de\/\"},{\"@type\":\"ListItem\",\"position\":2,\"name\":\"Brandschutzfenster\"}]},{\"@type\":\"WebSite\",\"@id\":\"https:\/\/marles-okna.com\/de\/#website\",\"url\":\"https:\/\/marles-okna.com\/de\/\",\"name\":\"Marles OKNA\",\"description\":\"Odprite dom naravi.\",\"potentialAction\":[{\"@type\":\"SearchAction\",\"target\":{\"@type\":\"EntryPoint\",\"urlTemplate\":\"https:\/\/marles-okna.com\/de\/?s={search_term_string}\"},\"query-input\":{\"@type\":\"PropertyValueSpecification\",\"valueRequired\":true,\"valueName\":\"search_term_string\"}}],\"inLanguage\":\"de\"}]}<\/script>\n<!-- \/ Yoast SEO plugin. -->","yoast_head_json":{"title":"Brandschutzfenster - Marles OKNA","description":"Brandschutz mit Zertifikat f\u00fcr Brandschutzfenster El30 seit 2014. Entscheiden Sie sich f\u00fcr das Brandschutzfenster von Marles FENSTER.","robots":{"index":"index","follow":"follow","max-snippet":"max-snippet:-1","max-image-preview":"max-image-preview:large","max-video-preview":"max-video-preview:-1"},"canonical":"https:\/\/marles-okna.com\/de\/brandschutzfenster\/","og_locale":"de_DE","og_type":"article","og_title":"Brandschutzfenster - Marles OKNA","og_description":"Brandschutz mit Zertifikat f\u00fcr Brandschutzfenster El30 seit 2014. Entscheiden Sie sich f\u00fcr das Brandschutzfenster von Marles FENSTER.","og_url":"https:\/\/marles-okna.com\/de\/brandschutzfenster\/","og_site_name":"Marles OKNA","article_modified_time":"2026-02-09T12:49:08+00:00","twitter_card":"summary_large_image","twitter_misc":{"Gesch\u00e4tzte Lesezeit":"7\u00a0Minuten"},"schema":{"@context":"https:\/\/schema.org","@graph":[{"@type":"WebPage","@id":"https:\/\/marles-okna.com\/de\/brandschutzfenster\/","url":"https:\/\/marles-okna.com\/de\/brandschutzfenster\/","name":"Brandschutzfenster - Marles OKNA","isPartOf":{"@id":"https:\/\/marles-okna.com\/de\/#website"},"datePublished":"2021-12-14T10:53:06+00:00","dateModified":"2026-02-09T12:49:08+00:00","description":"Brandschutz mit Zertifikat f\u00fcr Brandschutzfenster El30 seit 2014. Entscheiden Sie sich f\u00fcr das Brandschutzfenster von Marles FENSTER.","breadcrumb":{"@id":"https:\/\/marles-okna.com\/de\/brandschutzfenster\/#breadcrumb"},"inLanguage":"de","potentialAction":[{"@type":"ReadAction","target":["https:\/\/marles-okna.com\/de\/brandschutzfenster\/"]}]},{"@type":"BreadcrumbList","@id":"https:\/\/marles-okna.com\/de\/brandschutzfenster\/#breadcrumb","itemListElement":[{"@type":"ListItem","position":1,"name":"Home","item":"https:\/\/marles-okna.com\/de\/"},{"@type":"ListItem","position":2,"name":"Brandschutzfenster"}]},{"@type":"WebSite","@id":"https:\/\/marles-okna.com\/de\/#website","url":"https:\/\/marles-okna.com\/de\/","name":"Marles OKNA","description":"Odprite dom naravi.","potentialAction":[{"@type":"SearchAction","target":{"@type":"EntryPoint","urlTemplate":"https:\/\/marles-okna.com\/de\/?s={search_term_string}"},"query-input":{"@type":"PropertyValueSpecification","valueRequired":true,"valueName":"search_term_string"}}],"inLanguage":"de"}]}},"_links":{"self":[{"href":"https:\/\/marles-okna.com\/de\/wp-json\/wp\/v2\/pages\/1337","targetHints":{"allow":["GET"]}}],"collection":[{"href":"https:\/\/marles-okna.com\/de\/wp-json\/wp\/v2\/pages"}],"about":[{"href":"https:\/\/marles-okna.com\/de\/wp-json\/wp\/v2\/types\/page"}],"author":[{"embeddable":true,"href":"https:\/\/marles-okna.com\/de\/wp-json\/wp\/v2\/users\/1"}],"replies":[{"embeddable":true,"href":"https:\/\/marles-okna.com\/de\/wp-json\/wp\/v2\/comments?post=1337"}],"version-history":[{"count":10,"href":"https:\/\/marles-okna.com\/de\/wp-json\/wp\/v2\/pages\/1337\/revisions"}],"predecessor-version":[{"id":2693,"href":"https:\/\/marles-okna.com\/de\/wp-json\/wp\/v2\/pages\/1337\/revisions\/2693"}],"wp:attachment":[{"href":"https:\/\/marles-okna.com\/de\/wp-json\/wp\/v2\/media?parent=1337"}],"curies":[{"name":"wp","href":"https:\/\/api.w.org\/{rel}","templated":true}]}}